{"id":3607,"date":"2024-02-22T10:19:20","date_gmt":"2024-02-22T16:19:20","guid":{"rendered":"https:\/\/vigilanciaysalud.org\/?page_id=3607"},"modified":"2024-02-22T18:16:53","modified_gmt":"2024-02-23T00:16:53","slug":"noticias-de-los-defensores-y-defensoras-de-salud","status":"publish","type":"page","link":"https:\/\/redcsalud.org.gt\/en\/noticias-de-los-defensores-y-defensoras-de-salud\/","title":{"rendered":"Noticias de los defensores y defensoras de salud"},"content":{"rendered":"<div data-elementor-type=\"wp-page\" data-elementor-id=\"3607\" class=\"elementor elementor-3607\">\n\t\t\t\t\t\t<div class=\"elementor-inner\">\n\t\t\t\t<div class=\"elementor-section-wrap\">\n\t\t\t\t\t\t\t<div class=\"elementor-element elementor-element-ad249a8 e-con-full e-flex e-con e-parent\" data-id=\"ad249a8\" data-element_type=\"container\" data-settings=\"{&quot;content_width&quot;:&quot;full&quot;}\" data-core-v316-plus=\"true\">\n\t\t\t\t<div class=\"elementor-element elementor-element-b056876 elementor-widget elementor-widget-image\" data-id=\"b056876\" data-element_type=\"widget\" data-widget_type=\"image.default\">\n\t\t\t\t<div class=\"elementor-widget-container\">\n\t\t\t\t\t\t\t\t<div class=\"elementor-image\">\n\t\t\t\t\t\t\t\t\t\t\t\t<img loading=\"lazy\" decoding=\"async\" width=\"1920\" height=\"500\" src=\"https:\/\/redcsalud.org.gt\/wp-content\/uploads\/2024\/02\/banner-actualidad-redc-salud-guatemala.jpg\" class=\"attachment-full size-full wp-image-3605\" alt=\"\" srcset=\"https:\/\/redcsalud.org.gt\/wp-content\/uploads\/2024\/02\/banner-actualidad-redc-salud-guatemala.jpg 1920w, https:\/\/redcsalud.org.gt\/wp-content\/uploads\/2024\/02\/banner-actualidad-redc-salud-guatemala-300x78.jpg 300w, https:\/\/redcsalud.org.gt\/wp-content\/uploads\/2024\/02\/banner-actualidad-redc-salud-guatemala-1024x267.jpg 1024w, https:\/\/redcsalud.org.gt\/wp-content\/uploads\/2024\/02\/banner-actualidad-redc-salud-guatemala-768x200.jpg 768w, https:\/\/redcsalud.org.gt\/wp-content\/uploads\/2024\/02\/banner-actualidad-redc-salud-guatemala-1536x400.jpg 1536w, https:\/\/redcsalud.org.gt\/wp-content\/uploads\/2024\/02\/banner-actualidad-redc-salud-guatemala-1080x281.jpg 1080w\" sizes=\"(max-width: 1920px) 100vw, 1920px\" \/>\t\t\t\t\t\t\t\t\t\t\t\t\t\t<\/div>\n\t\t\t\t\t\t<\/div>\n\t\t\t\t<\/div>\n\t\t\t\t<\/div>\n\t\t\t\t<section class=\"elementor-section elementor-top-section elementor-element elementor-element-dcd90be elementor-section-boxed elementor-section-height-default elementor-section-height-default\" data-id=\"dcd90be\" data-element_type=\"section\" data-settings=\"{&quot;background_background&quot;:&quot;classic&quot;}\">\n\t\t\t\t\t\t<div class=\"elementor-container elementor-column-gap-default\">\n\t\t\t\t\t\t\t<div class=\"elementor-row\">\n\t\t\t\t\t<div class=\"elementor-column elementor-col-100 elementor-top-column elementor-element elementor-element-9ddc4d5\" data-id=\"9ddc4d5\" data-element_type=\"column\">\n\t\t\t<div class=\"elementor-column-wrap elementor-element-populated\">\n\t\t\t\t\t\t\t<div class=\"elementor-widget-wrap\">\n\t\t\t\t\t\t<div class=\"elementor-element elementor-element-ad514dd elementor-widget elementor-widget-spacer\" data-id=\"ad514dd\" data-element_type=\"widget\" data-widget_type=\"spacer.default\">\n\t\t\t\t<div class=\"elementor-widget-container\">\n\t\t\t\t\t<div class=\"elementor-spacer\">\n\t\t\t<div class=\"elementor-spacer-inner\"><\/div>\n\t\t<\/div>\n\t\t\t\t<\/div>\n\t\t\t\t<\/div>\n\t\t\t\t\t\t<\/div>\n\t\t\t\t\t<\/div>\n\t\t<\/div>\n\t\t\t\t\t\t\t\t<\/div>\n\t\t\t\t\t<\/div>\n\t\t<\/section>\n\t\t<div class=\"elementor-element elementor-element-23216ed e-flex e-con-boxed e-con e-parent\" data-id=\"23216ed\" data-element_type=\"container\" data-settings=\"{&quot;content_width&quot;:&quot;boxed&quot;}\" data-core-v316-plus=\"true\">\n\t\t\t\t\t<div class=\"e-con-inner\">\n\t\t\t\t<div class=\"elementor-element elementor-element-210df11 elementor-widget elementor-widget-heading\" data-id=\"210df11\" data-element_type=\"widget\" data-widget_type=\"heading.default\">\n\t\t\t\t<div class=\"elementor-widget-container\">\n\t\t\t<h5 class=\"elementor-heading-title elementor-size-default\">Today<\/h5>\t\t<\/div>\n\t\t\t\t<\/div>\n\t\t\t\t<div class=\"elementor-element elementor-element-c685093 elementor-widget elementor-widget-heading\" data-id=\"c685093\" data-element_type=\"widget\" data-widget_type=\"heading.default\">\n\t\t\t\t<div class=\"elementor-widget-container\">\n\t\t\t<h1 class=\"elementor-heading-title elementor-size-default\">Our work in the communities<\/h1>\t\t<\/div>\n\t\t\t\t<\/div>\n\t\t\t\t\t<\/div>\n\t\t\t\t<\/div>\n\t\t<div class=\"elementor-element elementor-element-0f9e36c e-flex e-con-boxed e-con e-parent\" data-id=\"0f9e36c\" data-element_type=\"container\" data-settings=\"{&quot;content_width&quot;:&quot;boxed&quot;}\" data-core-v316-plus=\"true\">\n\t\t\t\t\t<div class=\"e-con-inner\">\n\t\t\t\t<div class=\"elementor-element elementor-element-a507137 elementor-widget elementor-widget-spacer\" data-id=\"a507137\" data-element_type=\"widget\" data-widget_type=\"spacer.default\">\n\t\t\t\t<div class=\"elementor-widget-container\">\n\t\t\t\t\t<div class=\"elementor-spacer\">\n\t\t\t<div class=\"elementor-spacer-inner\"><\/div>\n\t\t<\/div>\n\t\t\t\t<\/div>\n\t\t\t\t<\/div>\n\t\t\t\t\t<\/div>\n\t\t\t\t<\/div>\n\t\t\t\t<section class=\"elementor-section elementor-top-section elementor-element elementor-element-db91994 elementor-section-content-middle elementor-section-boxed elementor-section-height-default elementor-section-height-default\" data-id=\"db91994\" data-element_type=\"section\" data-settings=\"{&quot;background_background&quot;:&quot;classic&quot;}\">\n\t\t\t\t\t\t<div class=\"elementor-container elementor-column-gap-extended\">\n\t\t\t\t\t\t\t<div class=\"elementor-row\">\n\t\t\t\t\t<div class=\"elementor-column elementor-col-100 elementor-top-column elementor-element elementor-element-b4a2057\" data-id=\"b4a2057\" data-element_type=\"column\">\n\t\t\t<div class=\"elementor-column-wrap elementor-element-populated\">\n\t\t\t\t\t\t\t<div class=\"elementor-widget-wrap\">\n\t\t\t\t\t\t<div class=\"elementor-element elementor-element-24388e7 elementor-widget elementor-widget-text-editor\" data-id=\"24388e7\" data-element_type=\"widget\" data-widget_type=\"text-editor.default\">\n\t\t\t\t<div class=\"elementor-widget-container\">\n\t\t\t\t\t\t\t\t<div class=\"elementor-text-editor elementor-clearfix\">\n\t\t\t\t<p><span>Informative section on the work of the defenders and the CDIR-Health in the municipalities of the departments of Totonicap\u00e1n, Solol\u00e1, Huehuetenango, el Quich\u00e9 and Alta Verapaz.<\/span><\/p><p>Currently on the contribution that we make to<span> the defense, promotion, training, participation, and citizen oversight around the right to health.<\/span><\/p>\t\t\t\t\t<\/div>\n\t\t\t\t\t\t<\/div>\n\t\t\t\t<\/div>\n\t\t\t\t<div class=\"elementor-element elementor-element-b7a96a3 elementor-widget elementor-widget-spacer\" data-id=\"b7a96a3\" data-element_type=\"widget\" data-widget_type=\"spacer.default\">\n\t\t\t\t<div class=\"elementor-widget-container\">\n\t\t\t\t\t<div class=\"elementor-spacer\">\n\t\t\t<div class=\"elementor-spacer-inner\"><\/div>\n\t\t<\/div>\n\t\t\t\t<\/div>\n\t\t\t\t<\/div>\n\t\t\t\t\t\t<\/div>\n\t\t\t\t\t<\/div>\n\t\t<\/div>\n\t\t\t\t\t\t\t\t<\/div>\n\t\t\t\t\t<\/div>\n\t\t<\/section>\n\t\t<div class=\"elementor-element elementor-element-3f20328 e-flex e-con-boxed e-con e-parent\" data-id=\"3f20328\" data-element_type=\"container\" data-settings=\"{&quot;content_width&quot;:&quot;boxed&quot;}\" data-core-v316-plus=\"true\">\n\t\t\t\t\t<div class=\"e-con-inner\">\n\t\t\t\t<div class=\"elementor-element elementor-element-84d9fa6 elementor-widget elementor-widget-spacer\" data-id=\"84d9fa6\" data-element_type=\"widget\" data-widget_type=\"spacer.default\">\n\t\t\t\t<div class=\"elementor-widget-container\">\n\t\t\t\t\t<div class=\"elementor-spacer\">\n\t\t\t<div class=\"elementor-spacer-inner\"><\/div>\n\t\t<\/div>\n\t\t\t\t<\/div>\n\t\t\t\t<\/div>\n\t\t\t\t\t<\/div>\n\t\t\t\t<\/div>\n\t\t<div class=\"elementor-element elementor-element-f1bf3ef e-flex e-con-boxed e-con e-parent\" data-id=\"f1bf3ef\" data-element_type=\"container\" data-settings=\"{&quot;content_width&quot;:&quot;boxed&quot;}\" data-core-v316-plus=\"true\">\n\t\t\t\t\t<div class=\"e-con-inner\">\n\t\t<div class=\"elementor-element elementor-element-edfe163 e-flex e-con-boxed e-con e-child\" data-id=\"edfe163\" data-element_type=\"container\" data-settings=\"{&quot;content_width&quot;:&quot;boxed&quot;}\">\n\t\t\t\t\t<div class=\"e-con-inner\">\n\t\t\t\t<div class=\"elementor-element elementor-element-035fbcf elementor-widget elementor-widget-wgl-blog\" data-id=\"035fbcf\" data-element_type=\"widget\" data-settings=\"{&quot;blog_columns&quot;:&quot;12&quot;}\" data-widget_type=\"wgl-blog.default\">\n\t\t\t\t<div class=\"elementor-widget-container\">\n\t\t\t            <section class=\"wgl_cpt_section\">\n                <div class=\"blog-posts\">\n                    <div class=\"container-grid row  blog_columns-1 grid blog-style-standard\"><div class=\"wgl_col-12 item\">\n    <div class=\"blog-post  format-standard-image\">\n        <div class=\"blog-post_wrapper\">\n\n            <div class=\"blog-post_media\"><div class=\"blog-post_media_part\"><a href=\"https:\/\/redcsalud.org.gt\/en\/redc-salud-presente-en-visita-de-viceministro-de-atencion-primaria-en-salud-a-huehuetenango\/\" class=\"blog-post_feature-link\"><img src='https:\/\/redcsalud.org.gt\/wp-content\/uploads\/2024\/02\/defensores-y-defensoras-redc-salud-con-viceministro-jose-camey-salud-guatemala-e1708591381865-1170x725.jpg' alt='defensores y defensoras redc salud con viceministro jose camey salud guatemala' \/><\/a><\/div><\/div>            <div class=\"blog-post_content\">\n            <div class=\"blog-post_cats\">\t\t    \t<div class=\"meta-wrapper\">\n\t\t\t\t\t\n\t\t\t\t\t\t\t\t\t\t\t\t\t\t\t\t\t\t\t<span class=\"blog-post_meta-categories\"><span style=\"color:#369b33;\"><a href=\"https:\/\/redcsalud.org.gt\/en\/category\/actualidad-redc-salud-guatemala\/\">Today CDIR Health-Guatemala<\/a><\/span><\/span>\t\t\t\t\t\n\t\t\t\t\t\n\t\t\t\t<\/div>\n\t\t\t\t<\/div><div class=\"blog-post_content-mid\"><h3 class=\"blog-post_title\"><a href=\"https:\/\/redcsalud.org.gt\/en\/redc-salud-presente-en-visita-de-viceministro-de-atencion-primaria-en-salud-a-huehuetenango\/\">CDIR-Health, present in the visit of deputy minister of Primary Health Care to Huehuetenango<\/a><\/h3><div class=\"blog-post_text\"><p>The CDIR-Health was present at the recent visit of the vice minister of Primary Health Care of the Ministry of Public Health and Social Assistance (MSPAS), Jos\u00e9 Camey, to Huehuetenango.\n\n\n\nDuring the tour, the official acknowledged the importance of the unification of efforts to provide a...<\/p><\/div>                        <a href=\"https:\/\/redcsalud.org.gt\/en\/redc-salud-presente-en-visita-de-viceministro-de-atencion-primaria-en-salud-a-huehuetenango\/\" class=\"button-read-more\">Read more<\/a> \n                    <\/div>\n                <div class='blog-post_meta-desc'>  \n                    \t\t    \t<div class=\"meta-wrapper\">\n\t\t\t\t\t\n\t\t\t\t\t\t\t\t\t\t\t<span class=\"date_post\">22 February, 2024<\/span>\n\t\t\t\t\t\t\t\t\t\t\n\t\t\t\t\t\n\t\t\t\t<\/div>\n\t\t\t\t                <\/div>\n\n                            <\/div>\n        <\/div>\n    <\/div>\n    <\/div><div class=\"wgl_col-12 item\">\n    <div class=\"blog-post  format-standard-image\">\n        <div class=\"blog-post_wrapper\">\n\n            <div class=\"blog-post_media\"><div class=\"blog-post_media_part\"><a href=\"https:\/\/redcsalud.org.gt\/en\/redc-salud-participa-en-firma-de-pacto-por-la-salud\/\" class=\"blog-post_feature-link\"><img src='https:\/\/redcsalud.org.gt\/wp-content\/uploads\/2024\/02\/REDC-salud-firma-pacto-por-la-salud-2024-1170x725.jpg' alt='REDC salud firma pacto por la salud 2024' \/><\/a><\/div><\/div>            <div class=\"blog-post_content\">\n            <div class=\"blog-post_cats\">\t\t    \t<div class=\"meta-wrapper\">\n\t\t\t\t\t\n\t\t\t\t\t\t\t\t\t\t\t\t\t\t\t\t\t\t\t<span class=\"blog-post_meta-categories\"><span style=\"color:#369b33;\"><a href=\"https:\/\/redcsalud.org.gt\/en\/category\/actualidad-redc-salud-guatemala\/\">Today CDIR Health-Guatemala<\/a><\/span><\/span>\t\t\t\t\t\n\t\t\t\t\t\n\t\t\t\t<\/div>\n\t\t\t\t<\/div><div class=\"blog-post_content-mid\"><h3 class=\"blog-post_title\"><a href=\"https:\/\/redcsalud.org.gt\/en\/redc-salud-participa-en-firma-de-pacto-por-la-salud\/\">CDIR-Health participates in the signing of the Pact for Health in Guatemala<\/a><\/h3><div class=\"blog-post_text\"><p>At the opening ceremony of the Pact for Health conducted in the department of Solol\u00e1 had the presence of the Defenders and the CDIR-Health, Indigenous Authorities, Grandmothers, Midwives, Civil Society organizations, and the lord President of the Republic, Bernard...<\/p><\/div>                        <a href=\"https:\/\/redcsalud.org.gt\/en\/redc-salud-participa-en-firma-de-pacto-por-la-salud\/\" class=\"button-read-more\">Read more<\/a> \n                    <\/div>\n                <div class='blog-post_meta-desc'>  \n                    \t\t    \t<div class=\"meta-wrapper\">\n\t\t\t\t\t\n\t\t\t\t\t\t\t\t\t\t\t<span class=\"date_post\">22 February, 2024<\/span>\n\t\t\t\t\t\t\t\t\t\t\n\t\t\t\t\t\n\t\t\t\t<\/div>\n\t\t\t\t                <\/div>\n\n                            <\/div>\n        <\/div>\n    <\/div>\n    <\/div><div class=\"wgl_col-12 item\">\n    <div class=\"blog-post  format-standard-image\">\n        <div class=\"blog-post_wrapper\">\n\n            <div class=\"blog-post_media\"><div class=\"blog-post_media_part\"><a href=\"https:\/\/redcsalud.org.gt\/en\/defensores-as-de-la-redc-salud-intercambian-experiencias-durante-asamblea-nacional-2023\/\" class=\"blog-post_feature-link\"><img src='https:\/\/redcsalud.org.gt\/wp-content\/uploads\/2024\/02\/defensoras-redc-salud-intercambian-experiencias-asamblea-nacional-2023-e1708585492288-1170x725.jpg' alt='defensoras redc salud intercambian experiencias asamblea nacional 2023' \/><\/a><\/div><\/div>            <div class=\"blog-post_content\">\n            <div class=\"blog-post_cats\">\t\t    \t<div class=\"meta-wrapper\">\n\t\t\t\t\t\n\t\t\t\t\t\t\t\t\t\t\t\t\t\t\t\t\t\t\t<span class=\"blog-post_meta-categories\"><span style=\"color:#369b33;\"><a href=\"https:\/\/redcsalud.org.gt\/en\/category\/actualidad-redc-salud-guatemala\/\">Today CDIR Health-Guatemala<\/a><\/span><\/span>\t\t\t\t\t\n\t\t\t\t\t\n\t\t\t\t<\/div>\n\t\t\t\t<\/div><div class=\"blog-post_content-mid\"><h3 class=\"blog-post_title\"><a href=\"https:\/\/redcsalud.org.gt\/en\/defensores-as-de-la-redc-salud-intercambian-experiencias-durante-asamblea-nacional-2023\/\">Defenders (as) the CDIR-Health exchange experiences during National Assembly 2023<\/a><\/h3><div class=\"blog-post_text\"><p>Representatives of the 31 municipalities of the 5 departments of Guatemala where the CDIR-Health has a presence, and some guests shared their experiences during the National Assembly of the Network of Advocates and Community Defenders for the Right to Health (CDIR (Health) carried out in Coban...<\/p><\/div>                        <a href=\"https:\/\/redcsalud.org.gt\/en\/defensores-as-de-la-redc-salud-intercambian-experiencias-durante-asamblea-nacional-2023\/\" class=\"button-read-more\">Read more<\/a> \n                    <\/div>\n                <div class='blog-post_meta-desc'>  \n                    \t\t    \t<div class=\"meta-wrapper\">\n\t\t\t\t\t\n\t\t\t\t\t\t\t\t\t\t\t<span class=\"date_post\">22 February, 2024<\/span>\n\t\t\t\t\t\t\t\t\t\t\n\t\t\t\t\t\n\t\t\t\t<\/div>\n\t\t\t\t                <\/div>\n\n                            <\/div>\n        <\/div>\n    <\/div>\n    <\/div><\/div>                <\/div>\n        <\/section>\t\t<\/div>\n\t\t\t\t<\/div>\n\t\t\t\t<div class=\"elementor-element elementor-element-5299668 elementor-widget elementor-widget-spacer\" data-id=\"5299668\" data-element_type=\"widget\" data-widget_type=\"spacer.default\">\n\t\t\t\t<div class=\"elementor-widget-container\">\n\t\t\t\t\t<div class=\"elementor-spacer\">\n\t\t\t<div class=\"elementor-spacer-inner\"><\/div>\n\t\t<\/div>\n\t\t\t\t<\/div>\n\t\t\t\t<\/div>\n\t\t\t\t\t<\/div>\n\t\t\t\t<\/div>\n\t\t\t\t\t<\/div>\n\t\t\t\t<\/div>\n\t\t\t\t\t\t\t\t\t<\/div>\n\t\t\t<\/div>\n\t\t\t\t\t<\/div>","protected":false},"excerpt":{"rendered":"<p>Actualidad Nuestro quehacer en las comunidades Secci\u00f3n informativa sobre el trabajo que realizan los defensores y defensoras de la REDC-Salud en los municipios de los departamentos de Totonicap\u00e1n, Solol\u00e1, Huehuetenango, Quich\u00e9 y Alta Verapaz. La actualidad sobre la contribuci\u00f3n que hacemos, para la defensa, promoci\u00f3n, formaci\u00f3n, participaci\u00f3n y vigilancia ciudadana en torno al derecho a [&hellip;]<\/p>","protected":false},"author":3,"featured_media":0,"parent":0,"menu_order":0,"comment_status":"closed","ping_status":"closed","template":"","meta":{"footnotes":""},"class_list":["post-3607","page","type-page","status-publish","hentry"],"_links":{"self":[{"href":"https:\/\/redcsalud.org.gt\/en\/wp-json\/wp\/v2\/pages\/3607","targetHints":{"allow":["GET"]}}],"collection":[{"href":"https:\/\/redcsalud.org.gt\/en\/wp-json\/wp\/v2\/pages"}],"about":[{"href":"https:\/\/redcsalud.org.gt\/en\/wp-json\/wp\/v2\/types\/page"}],"author":[{"embeddable":true,"href":"https:\/\/redcsalud.org.gt\/en\/wp-json\/wp\/v2\/users\/3"}],"replies":[{"embeddable":true,"href":"https:\/\/redcsalud.org.gt\/en\/wp-json\/wp\/v2\/comments?post=3607"}],"version-history":[{"count":16,"href":"https:\/\/redcsalud.org.gt\/en\/wp-json\/wp\/v2\/pages\/3607\/revisions"}],"predecessor-version":[{"id":3755,"href":"https:\/\/redcsalud.org.gt\/en\/wp-json\/wp\/v2\/pages\/3607\/revisions\/3755"}],"wp:attachment":[{"href":"https:\/\/redcsalud.org.gt\/en\/wp-json\/wp\/v2\/media?parent=3607"}],"curies":[{"name":"wp","href":"https:\/\/api.w.org\/{rel}","templated":true}]}}